{"id":5198,"date":"2023-04-20T00:00:00","date_gmt":"2023-04-20T03:00:00","guid":{"rendered":"https:\/\/saudedigitalbrasil.com.br\/agenda_sdb\/inovacao-digital-avanca-sobre-os-prontuarios-dos-hospitais\/"},"modified":"2023-04-20T00:00:00","modified_gmt":"2023-04-20T03:00:00","slug":"inovacao-digital-avanca-sobre-os-prontuarios-dos-hospitais","status":"publish","type":"agenda_sdb","link":"https:\/\/saudedigitalbrasil.com.br\/en_us\/agenda_sdb\/inovacao-digital-avanca-sobre-os-prontuarios-dos-hospitais\/","title":{"rendered":"Digital innovation advances on hospital records"},"content":{"rendered":"<p><i><span style=\"font-weight: 400;\">Nos \u00faltimos anos, um maior percentual de estabelecimentos de sa\u00fade passou a adotar algum tipo de sistema eletr\u00f4nico para registro das informa\u00e7\u00f5es dos pacientes. Antes, o registro era feito apenas em papel, tornando dif\u00edcil a busca e a organiza\u00e7\u00e3o desses dados<\/span><\/i><\/p>\n<p>&nbsp;<\/p>\n<p><span style=\"font-weight: 400;\">No \u00faltimo dia 13 de abril, foi realizado o segundo encontro da Jornada Digital &#8211; Inova\u00e7\u00e3o e Tecnologia da Associa\u00e7\u00e3o Nacional de Hospitais Privados (Anahp), uma iniciativa da Sa\u00fade Digital Brasil (SDB) em parceria com a Associa\u00e7\u00e3o Brasileira CIO Sa\u00fade (ABCIS), que trouxe debates focados em inova\u00e7\u00e3o e tecnologia.\u00a0<\/span><\/p>\n<p>&nbsp;<\/p>\n<p><span style=\"font-weight: 400;\">O tema do encontro foi \u201cComo o prontu\u00e1rio digital tem revolucionado a sa\u00fade no Brasil\u201d. O o debate contou com a participa\u00e7\u00e3o de Alex Julian, Chief Transformation Officer na Kora; Daennye Oliveira, Diretora do Prontu\u00e1rio Eletr\u00f4nico na MV; Eli Szwarc, L\u00edder de Informatics Latam na Philips,\u00a0 e foi\u00a0 moderado por Vitor Ferreira, Presidente da ABCIS e Coordenador do GT Tecnologia e Inova\u00e7\u00e3o em Sa\u00fade da Anahp.<\/span><\/p>\n<p>&nbsp;<\/p>\n<p><span style=\"font-weight: 400;\">A sa\u00fade brasileira, que trilha uma promissora jornada de digitaliza\u00e7\u00e3o de processos, passou, nos \u00faltimos anos, por um aumento no percentual de estabelecimentos de sa\u00fade que passaram a adotar algum tipo de sistema eletr\u00f4nico para registro das informa\u00e7\u00f5es dos pacientes. Antes do prontu\u00e1rio digital, o registro das informa\u00e7\u00f5es dos pacientes era feito em papel, o que tornava dif\u00edcil a busca e a organiza\u00e7\u00e3o desses dados. Al\u00e9m disso, havia o risco de perda ou extravio desses documentos, o que poderia comprometer a qualidade do atendimento.<\/span><\/p>\n<p>&nbsp;<\/p>\n<p><span style=\"font-weight: 400;\">\u201cTal not\u00edcia, sem d\u00favidas, \u00e9 positiva, afinal, todo passo no campo do digital \u00e9 um progresso. Ao mesmo tempo, o levantamento tamb\u00e9m evidencia janelas de oportunidades nessa agenda, seja ampliando a presen\u00e7a dos sistemas eletr\u00f4nicos ou, especialmente, aprimorando os que j\u00e1 existem, com vistas ao pleno exerc\u00edcio da integra\u00e7\u00e3o das informa\u00e7\u00f5es dos pacientes e sua pronta visualiza\u00e7\u00e3o por toda a institui\u00e7\u00e3o de sa\u00fade em tempo real \u2014 funcionalidade que \u00e9 proporcionada, por exemplo, pela solu\u00e7\u00e3o de Prontu\u00e1rio Eletr\u00f4nico do Paciente, o PEP\u201d, observa Daennye.\u00a0\u00a0<\/span><\/p>\n<p>&nbsp;<\/p>\n<p><b>Acelera\u00e7\u00e3o do processo<\/b><\/p>\n<p>&nbsp;<\/p>\n<p><span style=\"font-weight: 400;\">O Brasil j\u00e1 vinha come\u00e7ando a digitalizar os dados de pacientes, de forma lenta e descentralizada, antes da covid-19, mas, diante da pandemia e da alta propaga\u00e7\u00e3o do v\u00edrus no pa\u00eds, foi necess\u00e1rio, tamb\u00e9m, correr contra o tempo nos processos processo de digitaliza\u00e7\u00e3o de prontu\u00e1rios.<\/span><\/p>\n<p>&nbsp;<\/p>\n<p><span style=\"font-weight: 400;\">De acordo com Julian, a internet tem um papel essencial nesse processo, por permitir a realiza\u00e7\u00e3o de consultas e exames, que s\u00e3o realizados e enviados para os especialistas analisarem e gerarem laudos atrav\u00e9s da rede, remotamente.\u00a0<\/span><\/p>\n<p>&nbsp;<\/p>\n<p><span style=\"font-weight: 400;\">Ele conta que o grande desafio do processo foi mobilizar as pessoas em dire\u00e7\u00e3o \u00e0s novas tecnologias e, ao mesmo tempo, proteger os profissionais envolvidos no processo \u2014 como m\u00e9dicos, enfermeiros e profissionais que trabalham no back-office.<\/span><\/p>\n<p>&nbsp;<\/p>\n<p><span style=\"font-weight: 400;\">\u201cA evolu\u00e7\u00e3o da tecnologia no setor da sa\u00fade, voltada tamb\u00e9m aos prontu\u00e1rios digitais, retrata um setor que est\u00e1 reavaliando radicalmente suas prioridades \u00e0 medida que se esfor\u00e7a para oferecer melhor atendimento ao paciente. Tivemos uma acelera\u00e7\u00e3o no processo de transforma\u00e7\u00e3o digital na sa\u00fade com a pandemia global e isso esclareceu a necessidade de interoperabilidade entre os sistemas de TI, que enfrentam uma enxurrada de dados de pacientes que muitas vezes chegam fragmentados entre v\u00e1rias especialidades, departamentos e locais\u201d, comenta Szwarc.<\/span><\/p>\n<p>&nbsp;<\/p>\n<p><span style=\"font-weight: 400;\">Observa-se que os profissionais brasileiros est\u00e3o investindo em tecnologias capacitadoras, incluindo registros eletr\u00f4nicos de sa\u00fade, telessa\u00fade e ferramentas de intelig\u00eancia artificial (IA), que podem aumentar a efici\u00eancia, melhorar o atendimento e conectar comunidades remotas. \u201cInclusive, o Brasil tem investido mais em IA cl\u00ednica do que em outros pa\u00edses do mundo\u201d, informa Szwarc.<\/span><\/p>\n<p>&nbsp;<\/p>\n<p><span style=\"font-weight: 400;\">Os registros eletr\u00f4nicos de sa\u00fade, hoje, est\u00e3o no topo das listas de investimentos em tecnologia dos l\u00edderes brasileiros. Quando o assunto \u00e9 investimento em IA para ultrapassar registros de sa\u00fade digitais e telessa\u00fade,\u00a0 nota-se que, nos \u00faltimos tr\u00eas anos, houve um aumento em rela\u00e7\u00e3o ao ano anterior (2020), quando 84% dos l\u00edderes brasileiros citaram os registros digitais de sa\u00fade como uma das principais prioridades de investimento. Agora, s\u00e3o 85%.<\/span><\/p>\n<p>&nbsp;<\/p>\n<p><span style=\"font-weight: 400;\">\u201cA comunica\u00e7\u00e3o entre sistemas para compartilhamento de dados e tomadas de decis\u00e3o mais efetivas s\u00f3 \u00e9 poss\u00edvel com a interoperabilidade, que tamb\u00e9m apoia os caminhos cl\u00ednicos e operacionais. Isso gera uma economia de tempo e dinheiro aos sistemas de sa\u00fade\u201d, explica Szwarc.<\/span><\/p>\n<p>&nbsp;<\/p>\n<p><span style=\"font-weight: 400;\">Para Ferreira, \u201co alinhamento dos processos de tecnologia, dos profissionais da assist\u00eancia, do administrativo, todo um caminho avaliado previamente \u00e0 implementa\u00e7\u00e3o de um prontu\u00e1rio com as bases de conhecimento integradas permite ter melhores tomadas de decis\u00e3o e mais qualidade no cuidado, fortalecendo a seguran\u00e7a tamb\u00e9m para o profissional, pacientes e a cultura da institui\u00e7\u00e3o\u201d.<\/span><\/p>\n<p>&nbsp;<\/p>\n<p><span style=\"font-weight: 400;\">A jornada acontecer\u00e1 durante todas as quintas-feiras de abril, \u00e0s 10h. Para fazer a inscri\u00e7\u00e3o, basta acessar o link: <\/span><a href=\"https:\/\/www.anahp.com.br\/evento\/anahp-ao-vivo-jornada-digital-inovacao-e-tecnologia\/\" target=\"_blank\" rel=\"noopener\"><span style=\"font-weight: 400;\">https:\/\/www.anahp.com.br\/evento\/anahp-ao-vivo-jornada-digital-inovacao-e-tecnologia\/<\/span><\/a><\/p>\n<p>&nbsp;<\/p>\n<p><span style=\"font-weight: 400;\">Os pr\u00f3ximos temas ser\u00e3o:\u00a0<\/span><\/p>\n<p><b>Intelig\u00eancia artificial aplicada \u00e0 sa\u00fade: estamos preparados para o que est\u00e1 surgindo?<\/b><\/p>\n<p><span style=\"font-weight: 400;\">Data: 20 de abril<\/span><\/p>\n<p><span style=\"font-weight: 400;\">Hora: 10h \u00e0s 11h30<\/span><\/p>\n<p><span style=\"font-weight: 400;\">\u00a0<\/span><\/p>\n<p><b>O impacto dos dispositivos e dos softwares m\u00e9dicos para o setor de sa\u00fade<\/b><\/p>\n<p><span style=\"font-weight: 400;\">Data: 27 de abril<\/span><\/p>\n<p><span style=\"font-weight: 400;\">Hora: 10h \u00e0s 11h30<\/span><\/p>","protected":false},"featured_media":5199,"template":"","class_list":["post-5198","agenda_sdb","type-agenda_sdb","status-publish","has-post-thumbnail","hentry"],"_links":{"self":[{"href":"https:\/\/saudedigitalbrasil.com.br\/en_us\/wp-json\/wp\/v2\/agenda_sdb\/5198","targetHints":{"allow":["GET"]}}],"collection":[{"href":"https:\/\/saudedigitalbrasil.com.br\/en_us\/wp-json\/wp\/v2\/agenda_sdb"}],"about":[{"href":"https:\/\/saudedigitalbrasil.com.br\/en_us\/wp-json\/wp\/v2\/types\/agenda_sdb"}],"wp:featuredmedia":[{"embeddable":true,"href":"https:\/\/saudedigitalbrasil.com.br\/en_us\/wp-json\/wp\/v2\/media\/5199"}],"wp:attachment":[{"href":"https:\/\/saudedigitalbrasil.com.br\/en_us\/wp-json\/wp\/v2\/media?parent=5198"}],"curies":[{"name":"wp","href":"https:\/\/api.w.org\/{rel}","templated":true}]}}